{"id":1419,"date":"2024-10-27T10:15:01","date_gmt":"2024-10-27T09:15:01","guid":{"rendered":"https:\/\/hausundwaerme.com\/?page_id=1419"},"modified":"2024-10-27T11:55:47","modified_gmt":"2024-10-27T10:55:47","slug":"leitender-projekttechniker","status":"publish","type":"page","link":"https:\/\/hausundwaerme.com\/?page_id=1419","title":{"rendered":"Leitende\/r Projekttechniker\/in"},"content":{"rendered":"\t\t<div data-elementor-type=\"wp-page\" data-elementor-id=\"1419\" class=\"elementor elementor-1419\">\n\t\t\t\t\t\t<section class=\"elementor-section elementor-top-section elementor-element elementor-element-166eefda ct-section-stretched elementor-section-boxed elementor-section-height-default elementor-section-height-default\" data-id=\"166eefda\" data-element_type=\"section\" data-settings=\"{&quot;background_background&quot;:&quot;classic&quot;}\">\n\t\t\t\t\t\t\t<div class=\"elementor-background-overlay\"><\/div>\n\t\t\t\t\t\t\t<div class=\"elementor-container elementor-column-gap-default\">\n\t\t\t\t\t<div class=\"elementor-column elementor-col-50 elementor-top-column elementor-element elementor-element-314d1d\" data-id=\"314d1d\" data-element_type=\"column\">\n\t\t\t<div class=\"elementor-widget-wrap elementor-element-populated\">\n\t\t\t\t\t\t<div class=\"elementor-element elementor-element-2de97390 elementor-widget elementor-widget-heading\" data-id=\"2de97390\" data-element_type=\"widget\" data-widget_type=\"heading.default\">\n\t\t\t\t<div class=\"elementor-widget-container\">\n\t\t\t<h2 class=\"elementor-heading-title elementor-size-default\">Wir freuen uns auf Ihre Bewerbung<\/h2>\t\t<\/div>\n\t\t\t\t<\/div>\n\t\t\t\t<div class=\"elementor-element elementor-element-6a96f1eb elementor-widget elementor-widget-text-editor\" data-id=\"6a96f1eb\" data-element_type=\"widget\" data-widget_type=\"text-editor.default\">\n\t\t\t\t<div class=\"elementor-widget-container\">\n\t\t\t\t\t\t\t<p>Bitte schicken Sie uns Ihre Bewerbungsunterlagen an info@hausundwaerme.com<\/p>\t\t\t\t\t\t<\/div>\n\t\t\t\t<\/div>\n\t\t\t\t\t<\/div>\n\t\t<\/div>\n\t\t\t\t<div class=\"elementor-column elementor-col-50 elementor-top-column elementor-element elementor-element-514ff558 elementor-hidden-tablet elementor-hidden-phone\" data-id=\"514ff558\" data-element_type=\"column\">\n\t\t\t<div class=\"elementor-widget-wrap\">\n\t\t\t\t\t\t\t<\/div>\n\t\t<\/div>\n\t\t\t\t\t<\/div>\n\t\t<\/section>\n\t\t\t\t<section class=\"elementor-section elementor-top-section elementor-element elementor-element-4f86aa3f elementor-section-boxed elementor-section-height-default elementor-section-height-default\" data-id=\"4f86aa3f\" data-element_type=\"section\">\n\t\t\t\t\t\t<div class=\"elementor-container elementor-column-gap-default\">\n\t\t\t\t\t<div class=\"elementor-column elementor-col-100 elementor-top-column elementor-element elementor-element-2af544d7\" data-id=\"2af544d7\" data-element_type=\"column\">\n\t\t\t<div class=\"elementor-widget-wrap elementor-element-populated\">\n\t\t\t\t\t\t<div class=\"elementor-element elementor-element-7d258186 elementor-widget elementor-widget-heading\" data-id=\"7d258186\" data-element_type=\"widget\" data-widget_type=\"heading.default\">\n\t\t\t\t<div class=\"elementor-widget-container\">\n\t\t\t<h2 class=\"elementor-heading-title elementor-size-default\">Leitende*r Projekttechniker*in (m\/w\/d)\u00a0<\/h2>\t\t<\/div>\n\t\t\t\t<\/div>\n\t\t\t\t<div class=\"elementor-element elementor-element-73cf93c elementor-widget elementor-widget-text-editor\" data-id=\"73cf93c\" data-element_type=\"widget\" data-widget_type=\"text-editor.default\">\n\t\t\t\t<div class=\"elementor-widget-container\">\n\t\t\t\t\t\t\t<p class=\"p1\">ab sofort, Vollzeit 37.5h<\/p>\t\t\t\t\t\t<\/div>\n\t\t\t\t<\/div>\n\t\t\t\t\t<\/div>\n\t\t<\/div>\n\t\t\t\t\t<\/div>\n\t\t<\/section>\n\t\t<div class=\"elementor-element elementor-element-200aea5 e-flex e-con-boxed e-con e-parent\" data-id=\"200aea5\" data-element_type=\"container\">\n\t\t\t\t\t<div class=\"e-con-inner\">\n\t\t\t\t<div class=\"elementor-element elementor-element-1f34964 elementor-widget elementor-widget-text-editor\" data-id=\"1f34964\" data-element_type=\"widget\" data-widget_type=\"text-editor.default\">\n\t\t\t\t<div class=\"elementor-widget-container\">\n\t\t\t\t\t\t\t<p class=\"p1\"><span class=\"s1\"><b>Handwerker, Macher, Zukunftsgestalter<\/b><\/span><span class=\"s2\"><b><br \/><\/b><\/span>Du liebst es, t\u00e4glich etwas Neues zu erschaffen? Du bist innovativ und bereit, f\u00fcr den Klimaschutz richtig mit anzupacken? Dann bist du bei uns richtig! Gemeinsam k\u00f6nnen wir zu einem der besten und modernsten Handwerksunternehmen in D\u00fcsseldorf werden!<\/p><p class=\"p3\"><b>Wer wir sind<\/b><b><\/b><\/p><p class=\"p1\">Wir sind ein junges und schnell wachsendes Unternehmen. Wir bieten unseren Kunden eine umf\u00e4ngliche Betreuung in alle Bereichen des Sanit\u00e4r- und Heizungshandwerks. Unser besonderes Augenmerk liegt hier auf unserem Beitrag zur Energiewende mit ihren Chancen und Herausforderungen. Unser Team besteht sowohl aus jungen als auch erfahrenen Kollegen, die alle gemeinsam daran arbeiten, f\u00fcr unsere Kunden individuelle und energiesparende L\u00f6sungen anzubieten.<\/p><p class=\"p3\"><b>Was dich bei uns erwartet<\/b><\/p><p class=\"p1\">Als leitender Projekttechniker bist du t\u00e4glich an unseren Bauprojekten aktiv. Du leitest das Team auf der Baustelle und unterstehst direkt dem technischen Gesamtleiter, den du durch die Erstellung von Aufma\u00dfen, die Organisation von Materialien und die Kontrolle der Arbeitsausf\u00fchrung entlastest. Ebenso bist du vor Ort das Bindeglied zum Kunden und nimmst an Baubesprechungen teil.<\/p><p class=\"p3\"><b>Deine Aufgaben im Detail<\/b><\/p><ul class=\"ul1\"><li style=\"list-style-type: none;\"><ul class=\"ul1\"><li class=\"li1\">Koordination und F\u00fchrung mittelgro\u00dfer Baustellen<\/li><li class=\"li1\">Selbstst\u00e4ndiges Ausf\u00fchren aller anfallenden Projekt- und Installationsarbeiten<\/li><li class=\"li1\">Erstellung von Aufma\u00dfen &amp; Leistungsnachweisen<\/li><li class=\"li1\">Material- &amp; Werkzeugdisposition<\/li><li class=\"li1\">Teilnahme an Baubesprechungen<\/li><li class=\"li1\">Dokumentation von Nachtr\u00e4gen &amp; M\u00e4ngeln<\/li><li class=\"li1\">\u00dcberwachung von Vorgabezeiten<\/li><li class=\"li1\">Dokumentation der eigenen Produktivit\u00e4t<\/li><li class=\"li1\">Teilnahme an der betrieblichen Notdienstbereitschaft<\/li><\/ul><\/li><\/ul><p class=\"p3\"><b>Deine Qualifikationen<\/b><\/p><p class=\"p1\"><b>Berufserfahrung<\/b><b><\/b><\/p><ul class=\"ul1\"><li class=\"li1\">Abgeschlossene Berufsausbildung zum Anlagenmechaniker SHK oder vergleichbare Qualifikation<\/li><li class=\"li1\">Mehrj\u00e4hrige Berufserfahrung<\/li><li class=\"li1\">F\u00fchrerschein (Klasse B)<\/li><\/ul><p class=\"p1\"><b>Kommunikation<\/b><b><\/b><\/p><ul class=\"ul1\"><li class=\"li1\">Sehr gute Deutschkenntnisse<\/li><\/ul><p class=\"p1\"><b>Fachliche Qualifikation<\/b><b><\/b><\/p><ul class=\"ul1\"><li class=\"li1\">Handwerkliches Geschick<\/li><li class=\"li1\">Kenntnis der aktuell geltenden Regeln der Technik<\/li><li class=\"li1\">Kenntnis der relevanten Normen und Vorschriften<\/li><li class=\"li1\">Sicherer Umgang mit Smartphone\/Tablet<\/li><\/ul><p class=\"p1\"><b>Soft-Skills<\/b><b><\/b><\/p><ul class=\"ul1\"><li class=\"li1\"><span class=\"s2\">V<\/span>erantwortungs- &amp; Pflichtbewusstsein<\/li><li class=\"li1\">Technisches Verst\u00e4ndnis<\/li><li class=\"li1\">Engagement &amp; Bereitschaft, dich stetig weiterzuentwickeln<\/li><li class=\"li1\">Zuverl\u00e4ssigkeit &amp; Teamgeist<\/li><li class=\"li1\">Freundliches &amp; gepflegtes Auftreten<\/li><\/ul><p class=\"p3\"><b>Das bieten wir dir<\/b><\/p><ul class=\"ul1\"><li class=\"li1\">Unbefristete Festanstellung<\/li><li class=\"li1\">\u00dcbertarifliche Bezahlung, \u00dcberstundenausgleich und eine betriebliche Altersvorsorge<\/li><li class=\"li1\">Moderne technische Ausstattung, ein pers\u00f6nliches Fahrzeug und hochwertige Arbeitskleidung<\/li><li class=\"li1\">Arbeiten in einem engagierten Team mit flachen Hierarchien<\/li><li class=\"li1\">Individuelle Fortbildungsm\u00f6glichkeiten<\/li><li class=\"li1\">Ein hohes Ma\u00df an Eigenverantwortung<\/li><li class=\"li1\">Team-Events<\/li><\/ul><p>Bitte schicken Sie uns Ihre Bewerbungsunterlagen an <strong>info@hausundwaerme.com<\/strong><\/p>\t\t\t\t\t\t<\/div>\n\t\t\t\t<\/div>\n\t\t\t\t\t<\/div>\n\t\t\t\t<\/div>\n\t\t\t\t<\/div>\n\t\t","protected":false},"excerpt":{"rendered":"<p>Wir freuen uns auf Ihre Bewerbung Bitte schicken Sie uns Ihre Bewerbungsunterlagen an info@hausundwaerme.com Leitende*r Projekttechniker*in (m\/w\/d)\u00a0 ab sofort, Vollzeit 37.5h Handwerker, Macher, ZukunftsgestalterDu liebst es, t\u00e4glich etwas Neues zu erschaffen? Du bist innovativ und bereit, f\u00fcr den Klimaschutz richtig mit anzupacken? Dann bist du bei uns richtig! Gemeinsam k\u00f6nnen wir zu einem der besten [&hellip;]<\/p>\n","protected":false},"author":1,"featured_media":0,"parent":0,"menu_order":0,"comment_status":"closed","ping_status":"closed","template":"","meta":{"footnotes":""},"class_list":["post-1419","page","type-page","status-publish","hentry"],"blocksy_meta":{"page_title_panel":"","has_hero_section":"disabled","bc159c5af2a03de5c75561ba297140d8":"","hero_section":"type-1","hero_elements":[{"id":"custom_title","enabled":true,"heading_tag":"h1","title":"Home"},{"id":"custom_description","enabled":true,"description_visibility":{"desktop":true,"tablet":true,"mobile":false}},{"id":"custom_meta","enabled":false,"meta_elements":[{"id":"author","enabled":true,"label":"By","has_author_avatar":"yes","avatar_size":25},{"id":"post_date","enabled":true,"label":"On","date_format_source":"default","date_format":"M j, Y"},{"id":"comments","enabled":true}],"page_meta_elements":{"joined":true,"articles_count":true,"comments":true}},{"id":"breadcrumbs","enabled":false}],"df3eb590217e0ce26e832da2c07e7ca6":"","hero_alignment1":"left","hero_alignment2":"center","hero_vertical_alignment":"center","19d24a625abe62e6d16b259439e9cba0":"","hero_structure":"narrow","a3dd00aea12a8c52bdc0775015a386ce":"","page_title_bg_type":"featured_image","custom_hero_background":{"attachment_id":null},"parallax":{"desktop":false,"tablet":false,"mobile":false},"007fc1b0d7d7ea0d9823538a36652bf9":"","hero_height":"250px","pageTitleFont":{"family":"Default","variation":"Default","size":{"desktop":"32px","tablet":"30px","mobile":"25px"},"line-height":"CT_CSS_SKIP_RULE","letter-spacing":"CT_CSS_SKIP_RULE","text-transform":"CT_CSS_SKIP_RULE","text-decoration":"CT_CSS_SKIP_RULE"},"pageTitleFontColor":{"default":{"color":"CT_CSS_SKIP_RULEDEFAULT"}},"pageMetaFont":{"family":"Default","variation":"n6","size":"12px","line-height":"1.3","letter-spacing":"CT_CSS_SKIP_RULE","text-transform":"uppercase","text-decoration":"CT_CSS_SKIP_RULE"},"pageMetaFontColor":{"default":{"color":"CT_CSS_SKIP_RULEDEFAULT"},"hover":{"color":"CT_CSS_SKIP_RULEDEFAULT"}},"pageExcerptFont":{"family":"Default","variation":"Default","size":"CT_CSS_SKIP_RULE","line-height":"CT_CSS_SKIP_RULE","letter-spacing":"CT_CSS_SKIP_RULE","text-transform":"CT_CSS_SKIP_RULE","text-decoration":"CT_CSS_SKIP_RULE"},"pageExcerptColor":{"default":{"color":"CT_CSS_SKIP_RULEDEFAULT"}},"breadcrumbsFont":{"family":"Default","variation":"n6","size":"12px","line-height":"CT_CSS_SKIP_RULE","letter-spacing":"CT_CSS_SKIP_RULE","text-transform":"uppercase","text-decoration":"CT_CSS_SKIP_RULE"},"breadcrumbsFontColor":{"default":{"color":"CT_CSS_SKIP_RULEDEFAULT"},"initial":{"color":"CT_CSS_SKIP_RULEDEFAULT"},"hover":{"color":"CT_CSS_SKIP_RULEDEFAULT"}},"pageTitleOverlay":{"default":{"color":"rgba(41, 51, 60, 0.2)"}},"pageTitleBackground":{"background_type":"color","background_pattern":"type-1","background_image":{"attachment_id":null,"x":0,"y":0},"background_repeat":"no-repeat","background_size":"auto","background_attachment":"scroll","patternColor":{"default":{"color":"#e5e7ea"}},"backgroundColor":{"default":{"color":"#EDEFF2"}}},"806cf646dc975203c3ef573b498d2a6c":"","page_structure_type":"default","content_style":"inherit","vertical_spacing_source":"custom","content_area_spacing":"none","background":{"background_type":"color","background_pattern":"type-1","background_image":{"attachment_id":null,"x":0,"y":0},"background_repeat":"no-repeat","background_size":"auto","background_attachment":"scroll","patternColor":{"default":{"color":"#e5e7ea"}},"backgroundColor":{"default":{"color":"CT_CSS_SKIP_RULE"}}},"content_background":{"background_type":"color","background_pattern":"type-1","background_image":{"attachment_id":null,"x":0,"y":0},"background_repeat":"no-repeat","background_size":"auto","background_attachment":"scroll","patternColor":{"default":{"color":"#e5e7ea"}},"backgroundColor":{"default":{"color":"#ffffff"}}},"content_boxed_spacing":{"desktop":"40px","tablet":"35px","mobile":"20px"},"content_boxed_radius":{"top":"3px","bottom":"3px","left":"3px","right":"3px","linked":true},"content_boxed_shadow":{"blur":18,"spread":-6,"v_offset":12,"h_offset":0,"inset":false,"enable":true,"color":{"color":"rgba(34, 56, 101, 0.04)"}},"19c6ff9349ac0932d7247f0e755658ea":"","disable_featured_image":"no","disable_header":"no","disable_footer":"no","styles_descriptor":{"styles":{"desktop":"","tablet":"","mobile":""},"google_fonts":[]}},"yoast_head":"<!-- This site is optimized with the Yoast SEO plugin v23.7 - https:\/\/yoast.com\/wordpress\/plugins\/seo\/ -->\n<title>Leitende\/r Projekttechniker\/in - Haus und W\u00e4rme<\/title>\n<meta name=\"robots\" content=\"index, follow, max-snippet:-1, max-image-preview:large, max-video-preview:-1\" \/>\n<link rel=\"canonical\" href=\"https:\/\/hausundwaerme.com\/?page_id=1419\" \/>\n<meta property=\"og:locale\" content=\"de_DE\" \/>\n<meta property=\"og:type\" content=\"article\" \/>\n<meta property=\"og:title\" content=\"Leitende\/r Projekttechniker\/in - Haus und W\u00e4rme\" \/>\n<meta property=\"og:description\" content=\"Wir freuen uns auf Ihre Bewerbung Bitte schicken Sie uns Ihre Bewerbungsunterlagen an info@hausundwaerme.com Leitende*r Projekttechniker*in (m\/w\/d)\u00a0 ab sofort, Vollzeit 37.5h Handwerker, Macher, ZukunftsgestalterDu liebst es, t\u00e4glich etwas Neues zu erschaffen? Du bist innovativ und bereit, f\u00fcr den Klimaschutz richtig mit anzupacken? Dann bist du bei uns richtig! Gemeinsam k\u00f6nnen wir zu einem der besten [&hellip;]\" \/>\n<meta property=\"og:url\" content=\"https:\/\/hausundwaerme.com\/?page_id=1419\" \/>\n<meta property=\"og:site_name\" content=\"Haus und W\u00e4rme\" \/>\n<meta property=\"article:publisher\" content=\"https:\/\/www.facebook.com\/hausundwaerme\/\" \/>\n<meta property=\"article:modified_time\" content=\"2024-10-27T10:55:47+00:00\" \/>\n<meta name=\"twitter:card\" content=\"summary_large_image\" \/>\n<meta name=\"twitter:label1\" content=\"Gesch\u00e4tzte Lesezeit\" \/>\n\t<meta name=\"twitter:data1\" content=\"2\u00a0Minuten\" \/>\n<script type=\"application\/ld+json\" class=\"yoast-schema-graph\">{\"@context\":\"https:\/\/schema.org\",\"@graph\":[{\"@type\":\"WebPage\",\"@id\":\"https:\/\/hausundwaerme.com\/?page_id=1419\",\"url\":\"https:\/\/hausundwaerme.com\/?page_id=1419\",\"name\":\"Leitende\/r Projekttechniker\/in - Haus und W\u00e4rme\",\"isPartOf\":{\"@id\":\"https:\/\/hausundwaerme.com\/#website\"},\"datePublished\":\"2024-10-27T09:15:01+00:00\",\"dateModified\":\"2024-10-27T10:55:47+00:00\",\"breadcrumb\":{\"@id\":\"https:\/\/hausundwaerme.com\/?page_id=1419#breadcrumb\"},\"inLanguage\":\"de\",\"potentialAction\":[{\"@type\":\"ReadAction\",\"target\":[\"https:\/\/hausundwaerme.com\/?page_id=1419\"]}]},{\"@type\":\"BreadcrumbList\",\"@id\":\"https:\/\/hausundwaerme.com\/?page_id=1419#breadcrumb\",\"itemListElement\":[{\"@type\":\"ListItem\",\"position\":1,\"name\":\"Startseite\",\"item\":\"https:\/\/hausundwaerme.com\/\"},{\"@type\":\"ListItem\",\"position\":2,\"name\":\"Leitende\/r Projekttechniker\/in\"}]},{\"@type\":\"WebSite\",\"@id\":\"https:\/\/hausundwaerme.com\/#website\",\"url\":\"https:\/\/hausundwaerme.com\/\",\"name\":\"Haus & W\u00e4rme Technik\",\"description\":\"W\u00e4rmepumpen, B\u00e4der, Heizungen\",\"publisher\":{\"@id\":\"https:\/\/hausundwaerme.com\/#organization\"},\"potentialAction\":[{\"@type\":\"SearchAction\",\"target\":{\"@type\":\"EntryPoint\",\"urlTemplate\":\"https:\/\/hausundwaerme.com\/?s={search_term_string}\"},\"query-input\":{\"@type\":\"PropertyValueSpecification\",\"valueRequired\":true,\"valueName\":\"search_term_string\"}}],\"inLanguage\":\"de\"},{\"@type\":\"Organization\",\"@id\":\"https:\/\/hausundwaerme.com\/#organization\",\"name\":\"Haus & W\u00e4rme Technik\",\"url\":\"https:\/\/hausundwaerme.com\/\",\"logo\":{\"@type\":\"ImageObject\",\"inLanguage\":\"de\",\"@id\":\"https:\/\/hausundwaerme.com\/#\/schema\/logo\/image\/\",\"url\":\"https:\/\/hausundwaerme.com\/wp-content\/uploads\/2024\/02\/cropped-hauswaerme_logo.jpg\",\"contentUrl\":\"https:\/\/hausundwaerme.com\/wp-content\/uploads\/2024\/02\/cropped-hauswaerme_logo.jpg\",\"width\":1398,\"height\":250,\"caption\":\"Haus & W\u00e4rme Technik\"},\"image\":{\"@id\":\"https:\/\/hausundwaerme.com\/#\/schema\/logo\/image\/\"},\"sameAs\":[\"https:\/\/www.facebook.com\/hausundwaerme\/\"]}]}<\/script>\n<!-- \/ Yoast SEO plugin. -->","yoast_head_json":{"title":"Leitende\/r Projekttechniker\/in - Haus und W\u00e4rme","robots":{"index":"index","follow":"follow","max-snippet":"max-snippet:-1","max-image-preview":"max-image-preview:large","max-video-preview":"max-video-preview:-1"},"canonical":"https:\/\/hausundwaerme.com\/?page_id=1419","og_locale":"de_DE","og_type":"article","og_title":"Leitende\/r Projekttechniker\/in - Haus und W\u00e4rme","og_description":"Wir freuen uns auf Ihre Bewerbung Bitte schicken Sie uns Ihre Bewerbungsunterlagen an info@hausundwaerme.com Leitende*r Projekttechniker*in (m\/w\/d)\u00a0 ab sofort, Vollzeit 37.5h Handwerker, Macher, ZukunftsgestalterDu liebst es, t\u00e4glich etwas Neues zu erschaffen? Du bist innovativ und bereit, f\u00fcr den Klimaschutz richtig mit anzupacken? Dann bist du bei uns richtig! Gemeinsam k\u00f6nnen wir zu einem der besten [&hellip;]","og_url":"https:\/\/hausundwaerme.com\/?page_id=1419","og_site_name":"Haus und W\u00e4rme","article_publisher":"https:\/\/www.facebook.com\/hausundwaerme\/","article_modified_time":"2024-10-27T10:55:47+00:00","twitter_card":"summary_large_image","twitter_misc":{"Gesch\u00e4tzte Lesezeit":"2\u00a0Minuten"},"schema":{"@context":"https:\/\/schema.org","@graph":[{"@type":"WebPage","@id":"https:\/\/hausundwaerme.com\/?page_id=1419","url":"https:\/\/hausundwaerme.com\/?page_id=1419","name":"Leitende\/r Projekttechniker\/in - Haus und W\u00e4rme","isPartOf":{"@id":"https:\/\/hausundwaerme.com\/#website"},"datePublished":"2024-10-27T09:15:01+00:00","dateModified":"2024-10-27T10:55:47+00:00","breadcrumb":{"@id":"https:\/\/hausundwaerme.com\/?page_id=1419#breadcrumb"},"inLanguage":"de","potentialAction":[{"@type":"ReadAction","target":["https:\/\/hausundwaerme.com\/?page_id=1419"]}]},{"@type":"BreadcrumbList","@id":"https:\/\/hausundwaerme.com\/?page_id=1419#breadcrumb","itemListElement":[{"@type":"ListItem","position":1,"name":"Startseite","item":"https:\/\/hausundwaerme.com\/"},{"@type":"ListItem","position":2,"name":"Leitende\/r Projekttechniker\/in"}]},{"@type":"WebSite","@id":"https:\/\/hausundwaerme.com\/#website","url":"https:\/\/hausundwaerme.com\/","name":"Haus & W\u00e4rme Technik","description":"W\u00e4rmepumpen, B\u00e4der, Heizungen","publisher":{"@id":"https:\/\/hausundwaerme.com\/#organization"},"potentialAction":[{"@type":"SearchAction","target":{"@type":"EntryPoint","urlTemplate":"https:\/\/hausundwaerme.com\/?s={search_term_string}"},"query-input":{"@type":"PropertyValueSpecification","valueRequired":true,"valueName":"search_term_string"}}],"inLanguage":"de"},{"@type":"Organization","@id":"https:\/\/hausundwaerme.com\/#organization","name":"Haus & W\u00e4rme Technik","url":"https:\/\/hausundwaerme.com\/","logo":{"@type":"ImageObject","inLanguage":"de","@id":"https:\/\/hausundwaerme.com\/#\/schema\/logo\/image\/","url":"https:\/\/hausundwaerme.com\/wp-content\/uploads\/2024\/02\/cropped-hauswaerme_logo.jpg","contentUrl":"https:\/\/hausundwaerme.com\/wp-content\/uploads\/2024\/02\/cropped-hauswaerme_logo.jpg","width":1398,"height":250,"caption":"Haus & W\u00e4rme Technik"},"image":{"@id":"https:\/\/hausundwaerme.com\/#\/schema\/logo\/image\/"},"sameAs":["https:\/\/www.facebook.com\/hausundwaerme\/"]}]}},"_links":{"self":[{"href":"https:\/\/hausundwaerme.com\/index.php?rest_route=\/wp\/v2\/pages\/1419","targetHints":{"allow":["GET"]}}],"collection":[{"href":"https:\/\/hausundwaerme.com\/index.php?rest_route=\/wp\/v2\/pages"}],"about":[{"href":"https:\/\/hausundwaerme.com\/index.php?rest_route=\/wp\/v2\/types\/page"}],"author":[{"embeddable":true,"href":"https:\/\/hausundwaerme.com\/index.php?rest_route=\/wp\/v2\/users\/1"}],"replies":[{"embeddable":true,"href":"https:\/\/hausundwaerme.com\/index.php?rest_route=%2Fwp%2Fv2%2Fcomments&post=1419"}],"version-history":[{"count":25,"href":"https:\/\/hausundwaerme.com\/index.php?rest_route=\/wp\/v2\/pages\/1419\/revisions"}],"predecessor-version":[{"id":1467,"href":"https:\/\/hausundwaerme.com\/index.php?rest_route=\/wp\/v2\/pages\/1419\/revisions\/1467"}],"wp:attachment":[{"href":"https:\/\/hausundwaerme.com\/index.php?rest_route=%2Fwp%2Fv2%2Fmedia&parent=1419"}],"curies":[{"name":"wp","href":"https:\/\/api.w.org\/{rel}","templated":true}]}}